{"id":3,"date":"2024-02-09T14:35:08","date_gmt":"2024-02-09T14:35:08","guid":{"rendered":"https:\/\/photosolidaire.com\/?page_id=3"},"modified":"2024-02-16T19:19:27","modified_gmt":"2024-02-16T19:19:27","slug":"privacy-policy","status":"publish","type":"page","link":"https:\/\/photosolidaire.com\/?page_id=3","title":{"rendered":"Mentions l\u00e9gales"},"content":{"rendered":"<p>1 &#8211; <strong>Informations relatives \u00e0 l&rsquo;entreprise :<\/strong><\/p><ul class=\"wp-block-list\"><li>Au bonheur des sourires<\/li>\n\n<li>Micro entreprise<\/li>\n\n<li>17 rue cami beilh 64800 mirepeix<\/li>\n\n<li>Siret 484 830 534 00059<\/li>\n\n<li>06 63 90 75 87&nbsp;<a href=\"mailto:laugesab@hotmail.com\" target=\"_blank\" rel=\"noreferrer noopener\">laugesab@hotmail.com<\/a><\/li><\/ul><p>2 &#8211; <strong>Informations relatives \u00e0 l&rsquo;h\u00e9bergeur du site :<\/strong><\/p><ul class=\"wp-block-list\"><li>Site h\u00e9berg\u00e9 par IONOS<\/li><\/ul><p>3 &#8211; <strong>Informations relatives aux produits ou services propos\u00e9s :<\/strong><\/p><ul class=\"wp-block-list\"><li>Photographie<\/li>\n\n<li>Le prix des produits varient entre 6\u20ac et 60\u20ac.<\/li>\n\n<li>Il n&rsquo;y a pas de frais de livraison, les produits sont livr\u00e9s directement aux \u00e9tablissements scolaires.<\/li>\n\n<li>Les conditions de paiement:<ul class=\"wp-block-list\"><li><strong>1. Le d\u00e9lai de paiement :<\/strong><ul class=\"wp-block-list\"><li>Le paiement doit \u00eatre effectu\u00e9 avant la date de cl\u00f4ture des ventes.<\/li><\/ul><\/li>\n\n<li><strong>2. Le mode de paiement :<\/strong><ul class=\"wp-block-list\"><li>Les modes de paiement sont le le ch\u00e8que,\u00a0la carte bancaire et l&rsquo;esp\u00e8ce.<\/li><\/ul><\/li><\/ul><\/li>\n\n<li>La r\u00e9tractation est possible avant la cl\u00f4ture des ventes.<\/li>\n\n<li>La garantie l\u00e9gale de conformit\u00e9:<ul class=\"wp-block-list\"><li>1 &#8211; <strong>Conditions d&rsquo;application:<\/strong><ul class=\"wp-block-list\"><li>Pour pouvoir b\u00e9n\u00e9ficier de la garantie l\u00e9gale de conformit\u00e9, le consommateur doit pouvoir justifier de l&rsquo;achat du bien et du d\u00e9faut de conformit\u00e9. Le d\u00e9faut de conformit\u00e9 peut \u00eatre :<ul class=\"wp-block-list\"><li>Un d\u00e9faut de fabrication<\/li>\n\n<li>Un d\u00e9faut de description<\/li>\n\n<li>Un d\u00e9faut d&rsquo;information<\/li><\/ul><\/li><\/ul><\/li>\n\n<li>2 &#8211; <strong>Mise en \u0153uvre de la garantie:<\/strong><ul class=\"wp-block-list\"><li>Le consommateur qui constate un d\u00e9faut de conformit\u00e9 peut contacter le vendeur pour lui demander de remplacer le bien. Le vendeur est tenu de r\u00e9pondre \u00e0 la demande du consommateur dans un d\u00e9lai de 30 jours.<\/li><\/ul><\/li>\n\n<li>3 &#8211; <strong>Exclusion de la garantie:<\/strong><ul class=\"wp-block-list\"><li>La garantie l\u00e9gale de conformit\u00e9 ne s&rsquo;applique pas aux d\u00e9fauts :<\/li>\n\n<li>Apparents lors de l&rsquo;achat<\/li>\n\n<li>Occasionn\u00e9s par une utilisation anormale du bien<\/li>\n\n<li>Occasionn\u00e9s par une usure normale du bien<\/li><\/ul><\/li><\/ul><\/li>\n\n<li>La garantie des vices cach\u00e9s:<ul class=\"wp-block-list\"><li>1 &#8211; <strong>Conditions d&rsquo;application:<\/strong><ul class=\"wp-block-list\"><li>Pour pouvoir b\u00e9n\u00e9ficier de la garantie des vices cach\u00e9s, le vice doit :<ul class=\"wp-block-list\"><li>\u00catre cach\u00e9,&nbsp;c&rsquo;est-\u00e0-dire non apparent lors de l&rsquo;achat<\/li>\n\n<li>Rendre le bien impropre \u00e0 l&rsquo;usage auquel il est destin\u00e9 ou en diminuer tellement l&rsquo;usage que l&rsquo;acheteur ne l&rsquo;aurait pas acquis,&nbsp;ou n&rsquo;en aurait donn\u00e9 qu&rsquo;un moindre prix,&nbsp;s&rsquo;il l&rsquo;avait connu<\/li><\/ul><\/li><\/ul><\/li>\n\n<li>2 &#8211; <strong>Mise en \u0153uvre de la garantie:<\/strong><ul class=\"wp-block-list\"><li>L&rsquo;acheteur qui d\u00e9couvre un vice cach\u00e9 peut contacter le vendeur pour lui demander de r\u00e9parer ou de remplacer le bien. Le vendeur est tenu de r\u00e9pondre \u00e0 la demande de l&rsquo;acheteur dans un d\u00e9lai de 30 jours.<\/li><\/ul><\/li>\n\n<li>3 &#8211; <strong>Exclusion de la garantie:<\/strong><ul class=\"wp-block-list\"><li>La garantie des vices cach\u00e9s ne s&rsquo;applique pas aux d\u00e9fauts :<ul class=\"wp-block-list\"><li>Apparents lors de l&rsquo;achat<\/li>\n\n<li>Occasionn\u00e9s par une utilisation anormale du bien<\/li>\n\n<li>Occasionn\u00e9s par une usure normale du bien<\/li><\/ul><\/li><\/ul><\/li><\/ul><\/li>\n\n<li><\/li>\n\n<li><strong>4. Les p\u00e9nalit\u00e9s de retard de paiement :<\/strong><ul class=\"wp-block-list\"><li>Il s&rsquo;agit de sommes dues par le client en cas de retard de paiement.<\/li>\n\n<li>Les p\u00e9nalit\u00e9s de retard de paiement sont g\u00e9n\u00e9ralement exprim\u00e9es en pourcentage du montant de la facture.<\/li><\/ul><\/li>\n\n<li><strong>5. L&rsquo;indemnit\u00e9 forfaitaire pour frais de recouvrement :<\/strong><ul class=\"wp-block-list\"><li>Il s&rsquo;agit d&rsquo;une somme forfaitaire due par le client en cas de retard de paiement,&nbsp;pour compenser les frais engag\u00e9s par le cr\u00e9ancier pour recouvrer la cr\u00e9ance.<\/li>\n\n<li>Le montant de l&rsquo;indemnit\u00e9 forfaitaire pour frais de recouvrement est fix\u00e9 par d\u00e9cret.<\/li><\/ul><\/li><\/ul><p><strong>Informations relatives au traitement des donn\u00e9es personnelles :<\/strong><\/p><ul class=\"wp-block-list\"><li>La politique de confidentialit\u00e9 du site:<ul class=\"wp-block-list\"><li>Les donn\u00e9es personnelles collect\u00e9es \u00e0 savoir le nom pr\u00e9nom email adresse et num\u00e9ro de t\u00e9l\u00e9phone sont utilis\u00e9es pour la facturation.<\/li>\n\n<li>L&rsquo;adresse email est \u00e9galement utilis\u00e9e pour \u00eatre renseign\u00e9e sur les photos pour r\u00e9cup\u00e9rer les commandes.<\/li>\n\n<li>L&rsquo;utilisateur peut mettre \u00e0 jour ses identifiants personnels dans le menu pr\u00e9vu \u00e0 cette effet.<\/li>\n\n<li>Le compte ainsi que toute les donn\u00e9es personnelles seront supprim\u00e9s une fois la cl\u00f4ture des ventes effectu\u00e9es.<\/li>\n\n<li>Ces donn\u00e9es resteront priv\u00e9es et uniquement accessible \u00e0 l&rsquo;administrateur du site.<\/li><\/ul><\/li><\/ul>","protected":false},"excerpt":{"rendered":"<p>1 &#8211; Informations relatives \u00e0 l&rsquo;entreprise : 2 &#8211; Informations relatives \u00e0 l&rsquo;h\u00e9bergeur du site : 3 &#8211; Informations relatives aux produits ou services propos\u00e9s : Informations relatives au traitement des donn\u00e9es personnelles :<\/p>\n","protected":false},"author":1,"featured_media":0,"parent":0,"menu_order":0,"comment_status":"closed","ping_status":"open","template":"","meta":{"footnotes":""},"class_list":["post-3","page","type-page","status-publish","hentry"],"_links":{"self":[{"href":"https:\/\/photosolidaire.com\/index.php?rest_route=\/wp\/v2\/pages\/3","targetHints":{"allow":["GET"]}}],"collection":[{"href":"https:\/\/photosolidaire.com\/index.php?rest_route=\/wp\/v2\/pages"}],"about":[{"href":"https:\/\/photosolidaire.com\/index.php?rest_route=\/wp\/v2\/types\/page"}],"author":[{"embeddable":true,"href":"https:\/\/photosolidaire.com\/index.php?rest_route=\/wp\/v2\/users\/1"}],"replies":[{"embeddable":true,"href":"https:\/\/photosolidaire.com\/index.php?rest_route=%2Fwp%2Fv2%2Fcomments&post=3"}],"version-history":[{"count":12,"href":"https:\/\/photosolidaire.com\/index.php?rest_route=\/wp\/v2\/pages\/3\/revisions"}],"predecessor-version":[{"id":164,"href":"https:\/\/photosolidaire.com\/index.php?rest_route=\/wp\/v2\/pages\/3\/revisions\/164"}],"wp:attachment":[{"href":"https:\/\/photosolidaire.com\/index.php?rest_route=%2Fwp%2Fv2%2Fmedia&parent=3"}],"curies":[{"name":"wp","href":"https:\/\/api.w.org\/{rel}","templated":true}]}}